{"id":690,"date":"2019-01-17T17:58:46","date_gmt":"2019-01-17T17:58:46","guid":{"rendered":"https:\/\/www.atlantikfish.com\/?page_id=690"},"modified":"2019-04-26T12:24:14","modified_gmt":"2019-04-26T12:24:14","slug":"reserva-natural-de-castro-marim","status":"publish","type":"page","link":"https:\/\/www.atlantikfish.com\/?page_id=690","title":{"rendered":"Reserva Natural de Castro Marim"},"content":{"rendered":"\n<div class=\"wp-block-image\"><figure class=\"aligncenter\"><img decoding=\"async\" width=\"200\" height=\"200\" src=\"https:\/\/www.atlantikfish.com\/wp-content\/uploads\/2019\/01\/dest1_200.png\" alt=\"Reserva Natural de Castro Marim \" class=\"wp-image-726\" srcset=\"https:\/\/www.atlantikfish.com\/wp-content\/uploads\/2019\/01\/dest1_200.png 200w, https:\/\/www.atlantikfish.com\/wp-content\/uploads\/2019\/01\/dest1_200-150x150.png 150w\" sizes=\"(max-width: 200px) 100vw, 200px\" \/><\/figure><\/div>\n\n\n\n<p class=\"has-normal-font-size\">A Reserva localiza-se no sudoeste algarvio, perto da foz do rio Guadiana.<\/p>\n\n\n\n<p class=\"has-normal-font-size\">\u00c9 uma&nbsp;zona h\u00famida&nbsp;com caracter\u00edsticas excepcionais e na qual os esteiros s\u00e3o um local privilegiado para a reprodu\u00e7\u00e3o de peixes e crust\u00e1ceos. A Reserva Natural do Sapal de Castro Marim e Vila Real de Santo Ant\u00f3nio&nbsp;<br>ocupa uma \u00e1rea aproximada de dois mil hectares.&nbsp;<\/p>\n\n\n\n<p class=\"has-normal-font-size\">Saiba mais em:&nbsp;<br><strong><a href=\"http:\/\/www2.icnf.pt\/portal\/ap\/r-nat\/rnscmvrsa\" target=\"_blank\" rel=\"noreferrer noopener\">ICNF \u2013 Instituto de Conserva\u00e7\u00e3o da Natureza e das Florestas<\/a>&nbsp;<br><a rel=\"noreferrer noopener\" href=\"https:\/\/cm-castromarim.pt\/site\/conteudo\/reserva-natural-do-sapal-de-cmvrsa\/m2\" target=\"_blank\">Munic\u00edpio de Castro Marim<\/a><\/strong><\/p>\n","protected":false},"excerpt":{"rendered":"<p>A Reserva localiza-se no sudoeste algarvio, perto da foz do rio Guadiana. \u00c9 uma&nbsp;zona h\u00famida&nbsp;com caracter\u00edsticas excepcionais e na qual [&hellip;]<\/p>\n","protected":false},"author":1,"featured_media":0,"parent":0,"menu_order":0,"comment_status":"closed","ping_status":"closed","template":"","meta":{"_uag_custom_page_level_css":"","_monsterinsights_skip_tracking":false,"_monsterinsights_sitenote_active":false,"_monsterinsights_sitenote_note":"","_monsterinsights_sitenote_category":0,"cybocfi_hide_featured_image":"","_vp_format_video_url":"","_vp_image_focal_point":[],"footnotes":""},"class_list":["post-690","page","type-page","status-publish","hentry"],"uagb_featured_image_src":{"full":false,"thumbnail":false,"medium":false,"medium_large":false,"large":false,"1536x1536":false,"2048x2048":false,"vp_sm":false,"vp_md":false,"vp_lg":false,"vp_xl":false,"vp_sm_popup":false,"vp_md_popup":false,"vp_xl_popup":false,"flash-square":false,"flash-big":false,"flash-grid":false,"sow-carousel-default":false},"uagb_author_info":{"display_name":"Admin_AF","author_link":"https:\/\/www.atlantikfish.com\/?author=1"},"uagb_comment_info":0,"uagb_excerpt":"A Reserva localiza-se no sudoeste algarvio, perto da foz do rio Guadiana. \u00c9 uma&nbsp;zona h\u00famida&nbsp;com caracter\u00edsticas excepcionais e na qual [&hellip;]","_links":{"self":[{"href":"https:\/\/www.atlantikfish.com\/index.php?rest_route=\/wp\/v2\/pages\/690","targetHints":{"allow":["GET"]}}],"collection":[{"href":"https:\/\/www.atlantikfish.com\/index.php?rest_route=\/wp\/v2\/pages"}],"about":[{"href":"https:\/\/www.atlantikfish.com\/index.php?rest_route=\/wp\/v2\/types\/page"}],"author":[{"embeddable":true,"href":"https:\/\/www.atlantikfish.com\/index.php?rest_route=\/wp\/v2\/users\/1"}],"replies":[{"embeddable":true,"href":"https:\/\/www.atlantikfish.com\/index.php?rest_route=%2Fwp%2Fv2%2Fcomments&post=690"}],"version-history":[{"count":3,"href":"https:\/\/www.atlantikfish.com\/index.php?rest_route=\/wp\/v2\/pages\/690\/revisions"}],"predecessor-version":[{"id":1294,"href":"https:\/\/www.atlantikfish.com\/index.php?rest_route=\/wp\/v2\/pages\/690\/revisions\/1294"}],"wp:attachment":[{"href":"https:\/\/www.atlantikfish.com\/index.php?rest_route=%2Fwp%2Fv2%2Fmedia&parent=690"}],"curies":[{"name":"wp","href":"https:\/\/api.w.org\/{rel}","templated":true}]}}